{"version":"1.0","provider_name":"emmiller. r\u00f3lam \u00e9s az \u00edr\u00e1saimr\u00f3l","provider_url":"https:\/\/emmillerirasaim.cafeblog.hu","author_name":"E.M.Miller","author_url":"https:\/\/emmillerirasaim.cafeblog.hu\/author\/e_m_miller\/","title":"Verity","html":"<p>Mikor elgondotam, hogy \u00edrok egy szem\u00e9lyes blogod, sz\u00e9pen elterveztem a fel\u00e9p\u00edt\u00e9s\u00e9t, melyik nap, mir\u0151l fogok \u00edrni. De ahogy lenni szokott, semmi sem \u00fagy t\u00f6rt\u00e9nik, ahogy mi azt elgondoljuk.<\/p>\r\n<p>Verity! Nem gondoltam 2 \u00e9vvel ezel\u0151tt \u0151sszel, hogy van egy orsz\u00e1gos k\u00e9ziratp\u00e1ly\u00e1zat, ahol keresik a legjobbat. \u00dagy h\u00edvt\u00e1k fel a figyelmemet r\u00e1. Akkor m\u00e1r meg\u00edr\u00e1s alatt \u00e1llt,a Verity. Eg\u00e9szen m\u00e1s c\u00edm alatt. M\u00e1r nem eml\u00e9kszem mi volt az eredeti c\u00edme, de j\u00f3 p\u00e1r c\u00edmet alkottam neki, mire egy hajnalon munk\u00e1ba menet,mert akkor lehet \u00a0a legjobban gondolkodni az \u00edr\u00e1sr\u00f3l, villant be,hogy egyszer\u0171 c\u00edmet adok neki, m\u00e9ghozz\u00e1 \u00a0a f\u0151szerepl\u0151 l\u00e1ny nev\u00e9vel l\u00e1tom el. Egy \u0151szi hajnalon sz\u00fcletett meg a k\u00e9zirat c\u00edme: Verity.\u00a0<\/p>\r\n<p>Mint a szinapszisban is olvashatj\u00e1tok, a t\u00f6rt\u00e9netemet egy \u00e1lmom alapj\u00e1n kezdtem el papirra vetni. Mint a t\u00f6rt\u00e9net f\u0151szerepl\u0151je, \u00e9n is egy v\u00e1mp\u00edrral \u00e1lmodtam, aki elrabolt. Az \u00e1lmom v\u00e9gkifejlet\u00e9re nem eml\u00e9kszem. Ugyan\u00fagy izgatott\u00e1 v\u00e1ltam,. mint \u0151. \u00dagy \u00e9reztem, ezt \u00a0a t\u00f6rt\u00e9netet tov\u00e1bb kell vinnem, \u00e9s papairra kell vetnem. De k\u00f6zbej\u00e1tszott egy esem\u00e9ny is, ami m\u00e9g jobban arra k\u00e9szetett hogy \u00edrjam meg. A t\u00f6rt\u00e9netethez 2013 nyar\u00e1n \u00e1lltam neki. Annyira magam alatt voltam, arra is eml\u00e9kszem hogy szombat d\u00e9lut\u00e1n volt, \u00e9s az egyik szomsz\u00e9d fi\u00fa esk\u00fcv\u0151je. Ez adta a v\u00e9gs\u0151l\u00f6ketet, hogy t\u00e9nylegesen \u00e1lljak neki, \u00e9s \u00edrjam meg a t\u00f6rt\u00e9netet. Egy \u00e1lom \u00e9s egy esk\u00fcv\u0151 ihlette meg.\u00a0<\/p>\r\n<p>K\u00f6zben elkezdtem dolgozni, nehez\u00edtette az \u00edr\u00e1st, r\u00e1ad\u00e1sul k\u00f6zeledett a hat\u00e1rid\u0151, novembert\u0151l (2014) ,haza\u00e9rve, minden \u00e1ldott este kb.20-30 percig g\u00e9peltem hozz\u00e1, \u00e9s ott volt a h\u00e9tv\u00e9ge.\u00a0<\/p>\r\n<p>Akkor m\u00e9g nem tudtam, hogy l\u00e9tezik olyan hogy b\u00e9ta keres\u0151. Ami \u00a0a vil\u00e1g legjobb \u00f6tlete, kezd\u0151 \u00edr\u00f3knak. Becs\u00fclettel bevallom, teljes m\u00e9rt\u00e9kben \u00f6sszecsaptam a verity v\u00e9g\u00e9t, olt\u00e1ri h\u00fclyes\u00e9g kerkedett ki bel\u0151le. De erre a lead\u00e1s ut\u00e1n j\u00f6ttem r\u00e1. Igaz\u00e1b\u00f3l m\u00e9g Kar\u00e1csonykor is g\u00e9peltem \u00e9s 26-\u00e1n adtam be.<\/p>\r\n<p>Mire a blogom olvasni fogj\u00e1tok a t\u00f6rt\u00e9net v\u00e9g\u00e9t, egy eg\u00e9szen \u00faj v\u00e9gkifejlet fog kialakulni. \u00c9s a k\u00e9zirat \u00e1t\u00edr\u00e1s a vil\u00e1g legjobb dologa.... \u00e9n \u00e9lvezem ha \u00e1tkell \u00edrnom a t\u00f6rt\u00e9netet,mondatokat... am\u00edg a legt\u00f6k\u00e9letesebb\u00e9 nem v\u00e1lik. Egy igazi kih\u00edv\u00e1s....<a href=\"https:\/\/emmillerirasaim.cafeblog.hu\/files\/2016\/02\/k\u00f6nyvborit\u00f3-m\u00e1t\u00e9-szerint-a-verityhez.jpg\"><img class=\"size-medium wp-image-16 alignright\" src=\"https:\/\/emmillerirasaim.cafeblog.hu\/files\/2016\/02\/k\u00f6nyvborit\u00f3-m\u00e1t\u00e9-szerint-a-verityhez-225x300.jpg\" alt=\"k\u00f6nyvborit\u00f3 m\u00e1t\u00e9 szerint a verityhez!\" width=\"225\" height=\"300\" \/><\/a><\/p>","type":"rich"}